{"id":21,"date":"2024-01-05T19:01:02","date_gmt":"2024-01-05T19:01:02","guid":{"rendered":"https:\/\/zarco.pt\/site\/pagina-inicial\/"},"modified":"2025-12-02T08:59:41","modified_gmt":"2025-12-02T08:59:41","slug":"pagina-inicial","status":"publish","type":"page","link":"https:\/\/zarco.pt\/site\/","title":{"rendered":"ESJGZ"},"content":{"rendered":"\n<div class=\"wp-block-group alignfull has-background-background-color has-background is-layout-constrained wp-container-core-group-is-layout-512a02c9 wp-block-group-is-layout-constrained\" style=\"margin-top:0;margin-bottom:0;padding-top:var(--wp--preset--spacing--60);padding-right:var(--wp--preset--spacing--30);padding-bottom:var(--wp--preset--spacing--60);padding-left:var(--wp--preset--spacing--30)\">\n<h1 class=\"wp-block-heading has-text-align-center\">Oferta Formativa<\/h1>\n\n\n\n<div class=\"wp-block-columns are-vertically-aligned-center is-layout-flex wp-container-core-columns-is-layout-9d6595d7 wp-block-columns-is-layout-flex\">\n<div class=\"wp-block-column is-vertically-aligned-center is-layout-flow wp-block-column-is-layout-flow\">\n<div style=\"display: flex; flex-wrap: wrap; justify-content: space-evenly; align-items: center; align-content: space-evenly; max-width: 250px; margin: auto;\"><a href=\"https:\/\/www.zarco.pt\/site\/mkt\/ensinobasico\/\" target=\"_blank\" rel=\"noopener\"><img decoding=\"async\" style=\"max-width: 75%;\" title=\"Ensino B\u00e1sico\" src=\".\/mkt\/mktbuttons\/btn_ensinobasico.png\" alt=\"Ensino B\u00e1sico\" \/><\/a><\/div>\n<\/div>\n\n\n\n<div class=\"wp-block-column is-vertically-aligned-center is-layout-flow wp-block-column-is-layout-flow\">\n<div style=\"display: flex; flex-wrap: wrap; justify-content: space-evenly; align-items: center; align-content: space-evenly; max-width: 250px; margin: auto;\"><a href=\"https:\/\/www.zarco.pt\/site\/mkt\/ensinosecundario\/\" target=\"_blank\" rel=\"noopener\"><img decoding=\"async\" style=\"max-width: 75%;\" title=\"Ensino Secund\u00e1rio - CCH\" src=\".\/mkt\/mktbuttons\/btn_cch.png\" alt=\"Ensino Secund\u00e1rio - CCH\" \/><\/a><\/div>\n<\/div>\n\n\n\n<div class=\"wp-block-column is-vertically-aligned-center is-layout-flow wp-block-column-is-layout-flow\">\n<div style=\"display: flex; flex-wrap: wrap; justify-content: space-evenly; align-items: center; align-content: space-evenly; max-width: 250px; margin: auto;\"><a href=\"https:\/\/sites.google.com\/zarco.pt\/escola-secundria-joo-gonalves-\/oferta-formativa\/\" target=\"_blank\" rel=\"noopener\"><img decoding=\"async\" style=\"max-width: 75%;\" title=\"Cursos Profissionais\" src=\".\/mkt\/mktbuttons\/btn_cp.png\" alt=\"Cursos Profissionais\" \/><\/a><\/div>\n<\/div>\n\n\n\n<div class=\"wp-block-column is-vertically-aligned-center is-layout-flow wp-block-column-is-layout-flow\">\n<div style=\"display: flex; flex-wrap: wrap; justify-content: space-evenly; align-items: center; align-content: space-evenly; max-width: 250px; margin: auto;\"><a href=\"https:\/\/www.zarco.pt\/site\/mkt\/formacaoadultos\/\" target=\"_blank\" rel=\"noopener\"><img decoding=\"async\" style=\"max-width: 75%;\" title=\"Forma\u00e7\u00e3o de Adultos\" src=\".\/mkt\/mktbuttons\/btn_formacaoadultos.png\" alt=\"Forma\u00e7\u00e3o de Adultos\" \/><\/a><\/div>\n<\/div>\n<\/div>\n\n\n\n<div class=\"wp-block-responsive-block-editor-addons-divider responsive-block-editor-addons-block-spacer responsive-block-editor-addons-block-divider block-6e0a915c-f48a-497b-baa0-ec5132c3763f solid responsive-block-editor-addons-spacer-divider\"><div class=\"responsive-block-editor-addons-divider-inner\"><div class=\"responsive-block-editor-addons-divider-content\"><hr class=\"responsive-block-editor-addons-divider_hr\"\/><\/div><\/div><\/div>\n\n\n\n<div id=\"sb_instagram\"  class=\"sbi sbi_mob_col_1 sbi_tab_col_3 sbi_col_3 sbi_width_resp\" style=\"padding-bottom: 6px;\"\t data-feedid=\"*1\"  data-res=\"auto\" data-cols=\"3\" data-colsmobile=\"1\" data-colstablet=\"3\" data-num=\"6\" data-nummobile=\"6\" data-item-padding=\"3\"\t data-shortcode-atts=\"{&quot;feed&quot;:&quot;1&quot;,&quot;cachetime&quot;:30}\"  data-postid=\"21\" data-locatornonce=\"17029ee489\" data-imageaspectratio=\"1:1\" data-sbi-flags=\"favorLocal\">\n\t\n\t<div id=\"sbi_images\"  style=\"gap: 6px;\">\n\t\t<div class=\"sbi_item sbi_type_video sbi_new sbi_transition\"\n\tid=\"sbi_17971027566030085\" data-date=\"1777326105\">\n\t<div class=\"sbi_photo_wrap\">\n\t\t<a class=\"sbi_photo\" href=\"https:\/\/www.instagram.com\/reel\/DXpouEwjTZB\/\" target=\"_blank\" rel=\"noopener nofollow\"\n\t\t\tdata-full-res=\"https:\/\/scontent-lis1-1.cdninstagram.com\/v\/t51.82787-15\/684180735_18413005039176223_7044590516488464010_n.jpg?stp=dst-jpg_e35_tt6&#038;_nc_cat=109&#038;ccb=7-5&#038;_nc_sid=18de74&#038;efg=eyJlZmdfdGFnIjoiQ0xJUFMuYmVzdF9pbWFnZV91cmxnZW4uQzMifQ%3D%3D&#038;_nc_ohc=XpXaKhDtxDQQ7kNvwEhtGYG&#038;_nc_oc=Adr3T0ecSIxbE_bSiDXx2rVRCuYpcY59GhaC87_FFz2wlEpiqZhg0X7hHxKoFQ-w7WE&#038;_nc_zt=23&#038;_nc_ht=scontent-lis1-1.cdninstagram.com&#038;edm=ANo9K5cEAAAA&#038;_nc_gid=TLOvcZBP3X6d4ThBCKPqrw&#038;_nc_tpa=Q5bMBQHCmn_Lm9JWjosQ5vBhvRKZtpK3pmQEfE6CXzl6Zsu_RvEv0i7JRkAzQ4gRwoBWayxKO5z5Z4OKlQ&#038;oh=00_Af0N315Cs1_TIokrEHFVqdTt7PYElRMNTsyuhUhWWYU_Jg&#038;oe=69F67DEE\"\n\t\t\tdata-img-src-set=\"{&quot;d&quot;:&quot;https:\\\/\\\/scontent-lis1-1.cdninstagram.com\\\/v\\\/t51.82787-15\\\/684180735_18413005039176223_7044590516488464010_n.jpg?stp=dst-jpg_e35_tt6&amp;_nc_cat=109&amp;ccb=7-5&amp;_nc_sid=18de74&amp;efg=eyJlZmdfdGFnIjoiQ0xJUFMuYmVzdF9pbWFnZV91cmxnZW4uQzMifQ%3D%3D&amp;_nc_ohc=XpXaKhDtxDQQ7kNvwEhtGYG&amp;_nc_oc=Adr3T0ecSIxbE_bSiDXx2rVRCuYpcY59GhaC87_FFz2wlEpiqZhg0X7hHxKoFQ-w7WE&amp;_nc_zt=23&amp;_nc_ht=scontent-lis1-1.cdninstagram.com&amp;edm=ANo9K5cEAAAA&amp;_nc_gid=TLOvcZBP3X6d4ThBCKPqrw&amp;_nc_tpa=Q5bMBQHCmn_Lm9JWjosQ5vBhvRKZtpK3pmQEfE6CXzl6Zsu_RvEv0i7JRkAzQ4gRwoBWayxKO5z5Z4OKlQ&amp;oh=00_Af0N315Cs1_TIokrEHFVqdTt7PYElRMNTsyuhUhWWYU_Jg&amp;oe=69F67DEE&quot;,&quot;150&quot;:&quot;https:\\\/\\\/scontent-lis1-1.cdninstagram.com\\\/v\\\/t51.82787-15\\\/684180735_18413005039176223_7044590516488464010_n.jpg?stp=dst-jpg_e35_tt6&amp;_nc_cat=109&amp;ccb=7-5&amp;_nc_sid=18de74&amp;efg=eyJlZmdfdGFnIjoiQ0xJUFMuYmVzdF9pbWFnZV91cmxnZW4uQzMifQ%3D%3D&amp;_nc_ohc=XpXaKhDtxDQQ7kNvwEhtGYG&amp;_nc_oc=Adr3T0ecSIxbE_bSiDXx2rVRCuYpcY59GhaC87_FFz2wlEpiqZhg0X7hHxKoFQ-w7WE&amp;_nc_zt=23&amp;_nc_ht=scontent-lis1-1.cdninstagram.com&amp;edm=ANo9K5cEAAAA&amp;_nc_gid=TLOvcZBP3X6d4ThBCKPqrw&amp;_nc_tpa=Q5bMBQHCmn_Lm9JWjosQ5vBhvRKZtpK3pmQEfE6CXzl6Zsu_RvEv0i7JRkAzQ4gRwoBWayxKO5z5Z4OKlQ&amp;oh=00_Af0N315Cs1_TIokrEHFVqdTt7PYElRMNTsyuhUhWWYU_Jg&amp;oe=69F67DEE&quot;,&quot;320&quot;:&quot;https:\\\/\\\/scontent-lis1-1.cdninstagram.com\\\/v\\\/t51.82787-15\\\/684180735_18413005039176223_7044590516488464010_n.jpg?stp=dst-jpg_e35_tt6&amp;_nc_cat=109&amp;ccb=7-5&amp;_nc_sid=18de74&amp;efg=eyJlZmdfdGFnIjoiQ0xJUFMuYmVzdF9pbWFnZV91cmxnZW4uQzMifQ%3D%3D&amp;_nc_ohc=XpXaKhDtxDQQ7kNvwEhtGYG&amp;_nc_oc=Adr3T0ecSIxbE_bSiDXx2rVRCuYpcY59GhaC87_FFz2wlEpiqZhg0X7hHxKoFQ-w7WE&amp;_nc_zt=23&amp;_nc_ht=scontent-lis1-1.cdninstagram.com&amp;edm=ANo9K5cEAAAA&amp;_nc_gid=TLOvcZBP3X6d4ThBCKPqrw&amp;_nc_tpa=Q5bMBQHCmn_Lm9JWjosQ5vBhvRKZtpK3pmQEfE6CXzl6Zsu_RvEv0i7JRkAzQ4gRwoBWayxKO5z5Z4OKlQ&amp;oh=00_Af0N315Cs1_TIokrEHFVqdTt7PYElRMNTsyuhUhWWYU_Jg&amp;oe=69F67DEE&quot;,&quot;640&quot;:&quot;https:\\\/\\\/scontent-lis1-1.cdninstagram.com\\\/v\\\/t51.82787-15\\\/684180735_18413005039176223_7044590516488464010_n.jpg?stp=dst-jpg_e35_tt6&amp;_nc_cat=109&amp;ccb=7-5&amp;_nc_sid=18de74&amp;efg=eyJlZmdfdGFnIjoiQ0xJUFMuYmVzdF9pbWFnZV91cmxnZW4uQzMifQ%3D%3D&amp;_nc_ohc=XpXaKhDtxDQQ7kNvwEhtGYG&amp;_nc_oc=Adr3T0ecSIxbE_bSiDXx2rVRCuYpcY59GhaC87_FFz2wlEpiqZhg0X7hHxKoFQ-w7WE&amp;_nc_zt=23&amp;_nc_ht=scontent-lis1-1.cdninstagram.com&amp;edm=ANo9K5cEAAAA&amp;_nc_gid=TLOvcZBP3X6d4ThBCKPqrw&amp;_nc_tpa=Q5bMBQHCmn_Lm9JWjosQ5vBhvRKZtpK3pmQEfE6CXzl6Zsu_RvEv0i7JRkAzQ4gRwoBWayxKO5z5Z4OKlQ&amp;oh=00_Af0N315Cs1_TIokrEHFVqdTt7PYElRMNTsyuhUhWWYU_Jg&amp;oe=69F67DEE&quot;}\">\n\t\t\t<span class=\"sbi-screenreader\">Sofia Monteiro participa no Torneio de Montaigu e <\/span>\n\t\t\t\t\t\t<svg style=\"color: rgba(255,255,255,1)\" class=\"svg-inline--fa fa-play fa-w-14 sbi_playbtn\" aria-label=\"Play\" aria-hidden=\"true\" data-fa-processed=\"\" data-prefix=\"fa\" data-icon=\"play\" role=\"presentation\" xmlns=\"http:\/\/www.w3.org\/2000\/svg\" viewBox=\"0 0 448 512\"><path fill=\"currentColor\" d=\"M424.4 214.7L72.4 6.6C43.8-10.3 0 6.1 0 47.9V464c0 37.5 40.7 60.1 72.4 41.3l352-208c31.4-18.5 31.5-64.1 0-82.6z\"><\/path><\/svg>\t\t\t<img decoding=\"async\" src=\"https:\/\/zarco.pt\/site\/wp-content\/plugins\/instagram-feed\/img\/placeholder.png\" alt=\"Sofia Monteiro participa no Torneio de Montaigu e afirma-se como refer\u00eancia nas sub-16\n\nA jovem futebolista Sofia Monteiro voltou a destacar-se ao servi\u00e7o da Sele\u00e7\u00e3o Nacional de sub-16, ao participar no prestigiado Torneio de Montaigu, em Fran\u00e7a. A Sofia foi a \u00fanica atleta da comitiva portuguesa a marcar presen\u00e7a pela segunda vez consecutiva nesta competi\u00e7\u00e3o internacional, um feito que sublinha a sua consist\u00eancia e qualidade.\n\nReconhecido mundialmente, o Torneio de Montaigu j\u00e1 serviu de palco a grandes nomes do futebol, sendo um importante ponto de passagem para jovens talentos em ascens\u00e3o. Sofia Monteiro demonstrou estar \u00e0 altura desse legado, assumindo um papel de lideran\u00e7a dentro da equipa.\n\nCapit\u00e3 em alguns dos encontros, a jogadora participou em todos os jogos disputados por Portugal, contribuindo de forma decisiva para a conquista do 4.\u00ba lugar. A sele\u00e7\u00e3o nacional terminou como a melhor equipa feminina europeia em prova, superando pot\u00eancias como Inglaterra e Fran\u00e7a.\n\nCom apenas 16 anos, Sofia soma j\u00e1 16 internacionaliza\u00e7\u00f5es, sendo atualmente a jogadora mais internacional do escal\u00e3o sub-16, com 13 presen\u00e7as neste escal\u00e3o. O seu percurso promissor refor\u00e7a o estatuto de uma das grandes esperan\u00e7as do futebol feminino portugu\u00eas.\n\nA UAARE Zarco felicita a Sofia por mais uma excelente representa\u00e7\u00e3o da Sele\u00e7\u00e3o Nacional. O seu empenho, dedica\u00e7\u00e3o e esp\u00edrito de lideran\u00e7a s\u00e3o motivo de orgulho para a UAARE. Continuamos a acompanhar com grande satisfa\u00e7\u00e3o o seu percurso e desejamos-lhe muito sucesso para os pr\u00f3ximos desafios.\" aria-hidden=\"true\">\n\t\t<\/a>\n\t<\/div>\n<\/div><div class=\"sbi_item sbi_type_image sbi_new sbi_transition\"\n\tid=\"sbi_18083424914420860\" data-date=\"1777325773\">\n\t<div class=\"sbi_photo_wrap\">\n\t\t<a class=\"sbi_photo\" href=\"https:\/\/www.instagram.com\/p\/DXpoHuijfPY\/\" target=\"_blank\" rel=\"noopener nofollow\"\n\t\t\tdata-full-res=\"https:\/\/scontent-lis1-1.cdninstagram.com\/v\/t39.30808-6\/684260019_1252926170156966_2580981755239123820_n.jpg?stp=dst-jpg_e35_tt6&#038;_nc_cat=106&#038;ccb=7-5&#038;_nc_sid=18de74&#038;efg=eyJlZmdfdGFnIjoiRkVFRC5iZXN0X2ltYWdlX3VybGdlbi5DMyJ9&#038;_nc_ohc=YIEUD5YoLZYQ7kNvwF75Q84&#038;_nc_oc=Ado0O8nCjjuqrjDJ_GOWlFDtegiv2MDRpDARsgQERduoA-EyEe-bHFpPsWJauUNKaMc&#038;_nc_zt=23&#038;_nc_ht=scontent-lis1-1.cdninstagram.com&#038;edm=ANo9K5cEAAAA&#038;_nc_gid=TLOvcZBP3X6d4ThBCKPqrw&#038;_nc_tpa=Q5bMBQHMJwfvI4cuH84LOo5T4DqcbrfNsvdDv0eubylMTt7noHijSNC-X0x-EUECAmHmRZ3gu-XVlR_eWg&#038;oh=00_Af2HymIflR2-jGe2nTSgmeHSgTzqSGnsKm0IoMV1YGkeFw&#038;oe=69F67889\"\n\t\t\tdata-img-src-set=\"{&quot;d&quot;:&quot;https:\\\/\\\/scontent-lis1-1.cdninstagram.com\\\/v\\\/t39.30808-6\\\/684260019_1252926170156966_2580981755239123820_n.jpg?stp=dst-jpg_e35_tt6&amp;_nc_cat=106&amp;ccb=7-5&amp;_nc_sid=18de74&amp;efg=eyJlZmdfdGFnIjoiRkVFRC5iZXN0X2ltYWdlX3VybGdlbi5DMyJ9&amp;_nc_ohc=YIEUD5YoLZYQ7kNvwF75Q84&amp;_nc_oc=Ado0O8nCjjuqrjDJ_GOWlFDtegiv2MDRpDARsgQERduoA-EyEe-bHFpPsWJauUNKaMc&amp;_nc_zt=23&amp;_nc_ht=scontent-lis1-1.cdninstagram.com&amp;edm=ANo9K5cEAAAA&amp;_nc_gid=TLOvcZBP3X6d4ThBCKPqrw&amp;_nc_tpa=Q5bMBQHMJwfvI4cuH84LOo5T4DqcbrfNsvdDv0eubylMTt7noHijSNC-X0x-EUECAmHmRZ3gu-XVlR_eWg&amp;oh=00_Af2HymIflR2-jGe2nTSgmeHSgTzqSGnsKm0IoMV1YGkeFw&amp;oe=69F67889&quot;,&quot;150&quot;:&quot;https:\\\/\\\/scontent-lis1-1.cdninstagram.com\\\/v\\\/t39.30808-6\\\/684260019_1252926170156966_2580981755239123820_n.jpg?stp=dst-jpg_e35_tt6&amp;_nc_cat=106&amp;ccb=7-5&amp;_nc_sid=18de74&amp;efg=eyJlZmdfdGFnIjoiRkVFRC5iZXN0X2ltYWdlX3VybGdlbi5DMyJ9&amp;_nc_ohc=YIEUD5YoLZYQ7kNvwF75Q84&amp;_nc_oc=Ado0O8nCjjuqrjDJ_GOWlFDtegiv2MDRpDARsgQERduoA-EyEe-bHFpPsWJauUNKaMc&amp;_nc_zt=23&amp;_nc_ht=scontent-lis1-1.cdninstagram.com&amp;edm=ANo9K5cEAAAA&amp;_nc_gid=TLOvcZBP3X6d4ThBCKPqrw&amp;_nc_tpa=Q5bMBQHMJwfvI4cuH84LOo5T4DqcbrfNsvdDv0eubylMTt7noHijSNC-X0x-EUECAmHmRZ3gu-XVlR_eWg&amp;oh=00_Af2HymIflR2-jGe2nTSgmeHSgTzqSGnsKm0IoMV1YGkeFw&amp;oe=69F67889&quot;,&quot;320&quot;:&quot;https:\\\/\\\/scontent-lis1-1.cdninstagram.com\\\/v\\\/t39.30808-6\\\/684260019_1252926170156966_2580981755239123820_n.jpg?stp=dst-jpg_e35_tt6&amp;_nc_cat=106&amp;ccb=7-5&amp;_nc_sid=18de74&amp;efg=eyJlZmdfdGFnIjoiRkVFRC5iZXN0X2ltYWdlX3VybGdlbi5DMyJ9&amp;_nc_ohc=YIEUD5YoLZYQ7kNvwF75Q84&amp;_nc_oc=Ado0O8nCjjuqrjDJ_GOWlFDtegiv2MDRpDARsgQERduoA-EyEe-bHFpPsWJauUNKaMc&amp;_nc_zt=23&amp;_nc_ht=scontent-lis1-1.cdninstagram.com&amp;edm=ANo9K5cEAAAA&amp;_nc_gid=TLOvcZBP3X6d4ThBCKPqrw&amp;_nc_tpa=Q5bMBQHMJwfvI4cuH84LOo5T4DqcbrfNsvdDv0eubylMTt7noHijSNC-X0x-EUECAmHmRZ3gu-XVlR_eWg&amp;oh=00_Af2HymIflR2-jGe2nTSgmeHSgTzqSGnsKm0IoMV1YGkeFw&amp;oe=69F67889&quot;,&quot;640&quot;:&quot;https:\\\/\\\/scontent-lis1-1.cdninstagram.com\\\/v\\\/t39.30808-6\\\/684260019_1252926170156966_2580981755239123820_n.jpg?stp=dst-jpg_e35_tt6&amp;_nc_cat=106&amp;ccb=7-5&amp;_nc_sid=18de74&amp;efg=eyJlZmdfdGFnIjoiRkVFRC5iZXN0X2ltYWdlX3VybGdlbi5DMyJ9&amp;_nc_ohc=YIEUD5YoLZYQ7kNvwF75Q84&amp;_nc_oc=Ado0O8nCjjuqrjDJ_GOWlFDtegiv2MDRpDARsgQERduoA-EyEe-bHFpPsWJauUNKaMc&amp;_nc_zt=23&amp;_nc_ht=scontent-lis1-1.cdninstagram.com&amp;edm=ANo9K5cEAAAA&amp;_nc_gid=TLOvcZBP3X6d4ThBCKPqrw&amp;_nc_tpa=Q5bMBQHMJwfvI4cuH84LOo5T4DqcbrfNsvdDv0eubylMTt7noHijSNC-X0x-EUECAmHmRZ3gu-XVlR_eWg&amp;oh=00_Af2HymIflR2-jGe2nTSgmeHSgTzqSGnsKm0IoMV1YGkeFw&amp;oe=69F67889&quot;}\">\n\t\t\t<span class=\"sbi-screenreader\">&quot;O aluno David Montenegro do 12\u00ba 1, conquistou o 2<\/span>\n\t\t\t\t\t\t\t\t\t<img decoding=\"async\" src=\"https:\/\/zarco.pt\/site\/wp-content\/plugins\/instagram-feed\/img\/placeholder.png\" alt=\"&quot;O aluno David Montenegro do 12\u00ba 1, conquistou o 2\u00ba lugar na edi\u00e7\u00e3o deste ano nas Olimp\u00edadas Portuguesas de Biologia! \nRepetiu a proeza do ano passado, tendo superado 2 eliminat\u00f3rias te\u00f3ricas e uma exigente prova pr\u00e1tica, o David obteve um excelente 2\u00ba lugar na classifica\u00e7\u00e3o para os alunos do seu ano de escolaridade, bem como a n\u00edvel nacional, tendo a possibilidade de integrar a Equipa Portuguesa das Olimp\u00edadas Internacionais (IBO), competi\u00e7\u00e3o a decorrer este ano na Litu\u00e2nia. \n\nParab\u00e9ns David!&quot;\" aria-hidden=\"true\">\n\t\t<\/a>\n\t<\/div>\n<\/div><div class=\"sbi_item sbi_type_image sbi_new sbi_transition\"\n\tid=\"sbi_18088396478589464\" data-date=\"1777325304\">\n\t<div class=\"sbi_photo_wrap\">\n\t\t<a class=\"sbi_photo\" href=\"https:\/\/www.instagram.com\/p\/DXpnOh3DbRB\/\" target=\"_blank\" rel=\"noopener nofollow\"\n\t\t\tdata-full-res=\"https:\/\/scontent-lis1-1.cdninstagram.com\/v\/t39.30808-6\/684150823_1252922970157286_4696224942778056576_n.jpg?stp=dst-jpg_e35_tt6&#038;_nc_cat=103&#038;ccb=7-5&#038;_nc_sid=18de74&#038;efg=eyJlZmdfdGFnIjoiRkVFRC5iZXN0X2ltYWdlX3VybGdlbi5DMyJ9&#038;_nc_ohc=0Aj4H5m1xigQ7kNvwFzSih8&#038;_nc_oc=AdrVWgiyl9KaPohReBp1-vIEodaFdlqdUKlElG-68PtTPUBYcFjGOG74AEUx7ZMXGgQ&#038;_nc_zt=23&#038;_nc_ht=scontent-lis1-1.cdninstagram.com&#038;edm=ANo9K5cEAAAA&#038;_nc_gid=TLOvcZBP3X6d4ThBCKPqrw&#038;_nc_tpa=Q5bMBQF4UxB7CAyjLSq9YYzp2YB8vkn01HTHr51LAGvHpGfqxu6vSV9TX9BrgW3RRNWh67vGTzAUB82dWA&#038;oh=00_Af2io2MoiBBTeJWOGXh0GR7ft-fr3VYZkyT-8AwJ_1_eSg&#038;oe=69F66FB1\"\n\t\t\tdata-img-src-set=\"{&quot;d&quot;:&quot;https:\\\/\\\/scontent-lis1-1.cdninstagram.com\\\/v\\\/t39.30808-6\\\/684150823_1252922970157286_4696224942778056576_n.jpg?stp=dst-jpg_e35_tt6&amp;_nc_cat=103&amp;ccb=7-5&amp;_nc_sid=18de74&amp;efg=eyJlZmdfdGFnIjoiRkVFRC5iZXN0X2ltYWdlX3VybGdlbi5DMyJ9&amp;_nc_ohc=0Aj4H5m1xigQ7kNvwFzSih8&amp;_nc_oc=AdrVWgiyl9KaPohReBp1-vIEodaFdlqdUKlElG-68PtTPUBYcFjGOG74AEUx7ZMXGgQ&amp;_nc_zt=23&amp;_nc_ht=scontent-lis1-1.cdninstagram.com&amp;edm=ANo9K5cEAAAA&amp;_nc_gid=TLOvcZBP3X6d4ThBCKPqrw&amp;_nc_tpa=Q5bMBQF4UxB7CAyjLSq9YYzp2YB8vkn01HTHr51LAGvHpGfqxu6vSV9TX9BrgW3RRNWh67vGTzAUB82dWA&amp;oh=00_Af2io2MoiBBTeJWOGXh0GR7ft-fr3VYZkyT-8AwJ_1_eSg&amp;oe=69F66FB1&quot;,&quot;150&quot;:&quot;https:\\\/\\\/scontent-lis1-1.cdninstagram.com\\\/v\\\/t39.30808-6\\\/684150823_1252922970157286_4696224942778056576_n.jpg?stp=dst-jpg_e35_tt6&amp;_nc_cat=103&amp;ccb=7-5&amp;_nc_sid=18de74&amp;efg=eyJlZmdfdGFnIjoiRkVFRC5iZXN0X2ltYWdlX3VybGdlbi5DMyJ9&amp;_nc_ohc=0Aj4H5m1xigQ7kNvwFzSih8&amp;_nc_oc=AdrVWgiyl9KaPohReBp1-vIEodaFdlqdUKlElG-68PtTPUBYcFjGOG74AEUx7ZMXGgQ&amp;_nc_zt=23&amp;_nc_ht=scontent-lis1-1.cdninstagram.com&amp;edm=ANo9K5cEAAAA&amp;_nc_gid=TLOvcZBP3X6d4ThBCKPqrw&amp;_nc_tpa=Q5bMBQF4UxB7CAyjLSq9YYzp2YB8vkn01HTHr51LAGvHpGfqxu6vSV9TX9BrgW3RRNWh67vGTzAUB82dWA&amp;oh=00_Af2io2MoiBBTeJWOGXh0GR7ft-fr3VYZkyT-8AwJ_1_eSg&amp;oe=69F66FB1&quot;,&quot;320&quot;:&quot;https:\\\/\\\/scontent-lis1-1.cdninstagram.com\\\/v\\\/t39.30808-6\\\/684150823_1252922970157286_4696224942778056576_n.jpg?stp=dst-jpg_e35_tt6&amp;_nc_cat=103&amp;ccb=7-5&amp;_nc_sid=18de74&amp;efg=eyJlZmdfdGFnIjoiRkVFRC5iZXN0X2ltYWdlX3VybGdlbi5DMyJ9&amp;_nc_ohc=0Aj4H5m1xigQ7kNvwFzSih8&amp;_nc_oc=AdrVWgiyl9KaPohReBp1-vIEodaFdlqdUKlElG-68PtTPUBYcFjGOG74AEUx7ZMXGgQ&amp;_nc_zt=23&amp;_nc_ht=scontent-lis1-1.cdninstagram.com&amp;edm=ANo9K5cEAAAA&amp;_nc_gid=TLOvcZBP3X6d4ThBCKPqrw&amp;_nc_tpa=Q5bMBQF4UxB7CAyjLSq9YYzp2YB8vkn01HTHr51LAGvHpGfqxu6vSV9TX9BrgW3RRNWh67vGTzAUB82dWA&amp;oh=00_Af2io2MoiBBTeJWOGXh0GR7ft-fr3VYZkyT-8AwJ_1_eSg&amp;oe=69F66FB1&quot;,&quot;640&quot;:&quot;https:\\\/\\\/scontent-lis1-1.cdninstagram.com\\\/v\\\/t39.30808-6\\\/684150823_1252922970157286_4696224942778056576_n.jpg?stp=dst-jpg_e35_tt6&amp;_nc_cat=103&amp;ccb=7-5&amp;_nc_sid=18de74&amp;efg=eyJlZmdfdGFnIjoiRkVFRC5iZXN0X2ltYWdlX3VybGdlbi5DMyJ9&amp;_nc_ohc=0Aj4H5m1xigQ7kNvwFzSih8&amp;_nc_oc=AdrVWgiyl9KaPohReBp1-vIEodaFdlqdUKlElG-68PtTPUBYcFjGOG74AEUx7ZMXGgQ&amp;_nc_zt=23&amp;_nc_ht=scontent-lis1-1.cdninstagram.com&amp;edm=ANo9K5cEAAAA&amp;_nc_gid=TLOvcZBP3X6d4ThBCKPqrw&amp;_nc_tpa=Q5bMBQF4UxB7CAyjLSq9YYzp2YB8vkn01HTHr51LAGvHpGfqxu6vSV9TX9BrgW3RRNWh67vGTzAUB82dWA&amp;oh=00_Af2io2MoiBBTeJWOGXh0GR7ft-fr3VYZkyT-8AwJ_1_eSg&amp;oe=69F66FB1&quot;}\">\n\t\t\t<span class=\"sbi-screenreader\">Tom\u00e1s Rodrigues em destaque no Badminton nacional\n<\/span>\n\t\t\t\t\t\t\t\t\t<img decoding=\"async\" src=\"https:\/\/zarco.pt\/site\/wp-content\/plugins\/instagram-feed\/img\/placeholder.png\" alt=\"Tom\u00e1s Rodrigues em destaque no Badminton nacional\n\nO aluno-atleta Tom\u00e1s Rodrigues continua a evidenciar-se no panorama nacional de Badminton, com resultados consistentes em diferentes competi\u00e7\u00f5es ao longo dos meses de mar\u00e7o e abril.\n\nNos dias 21 e 22 de mar\u00e7o, nas Caldas da Rainha, decorreu a 2.\u00aa Jornada Nacional Sub-19. Nesta prova, Tom\u00e1s alcan\u00e7ou o 1.\u00ba lugar em Singular Homem S19 (Quadro Secund\u00e1rio) e o 2.\u00ba lugar em Par Misto S19 (Quadro Principal), demonstrando elevada qualidade competitiva.\n\nNo dia 28 de mar\u00e7o, em Coimbra, realizou-se a 1.\u00aa Jornada Concentrada da Liga de Clubes Seniores em Badminton, integrada na 1.\u00aa Divis\u00e3o. O aluno-atleta participou em representa\u00e7\u00e3o do seu clube, a Acad\u00e9mica de Espinho, contribuindo para um desempenho muito positivo da equipa nesta jornada.\n\nA Acad\u00e9mica de Espinho venceu a UMAC por 4-1, num encontro em que Tom\u00e1s participou em Par Misto, tendo vencido o seu jogo. No segundo encontro, a equipa voltou a triunfar por 4-1 frente ao NGD, com o atleta a atuar em Par Misto e Par Homem, vencendo ambas as partidas.\n\nCom estas duas vit\u00f3rias, a equipa encontra-se atualmente no 2.\u00ba lugar da classifica\u00e7\u00e3o, em igualdade pontual com o 1.\u00ba e o 3.\u00ba classificados, sendo o desempate definido pela diferen\u00e7a de jogos.\n\nNos dias 3 e 4 de abril, nas Caldas da Rainha, Tom\u00e1s voltou a competir no 2.\u00ba Torneio de Clubes N\u00e3o S\u00e9nior. Nesta competi\u00e7\u00e3o, alcan\u00e7ou os quartos de final em Singular Homem S19 e conquistou o 2.\u00ba lugar em Par Misto S19, refor\u00e7ando o seu percurso competitivo de elevado n\u00edvel.\n\nA UAARE Zarco felicita o aluno-atleta Tom\u00e1s Rodrigues pelo excelente desempenho, dedica\u00e7\u00e3o e esp\u00edrito competitivo, desejando-lhe a continua\u00e7\u00e3o de muito sucesso na sua carreira desportiva e na presta\u00e7\u00e3o acad\u00e9mica.\" aria-hidden=\"true\">\n\t\t<\/a>\n\t<\/div>\n<\/div><div class=\"sbi_item sbi_type_video sbi_new sbi_transition\"\n\tid=\"sbi_17959056474092009\" data-date=\"1776892646\">\n\t<div class=\"sbi_photo_wrap\">\n\t\t<a class=\"sbi_photo\" href=\"https:\/\/www.instagram.com\/reel\/DXct8RAEflj\/\" target=\"_blank\" rel=\"noopener nofollow\"\n\t\t\tdata-full-res=\"https:\/\/scontent-lis1-1.cdninstagram.com\/v\/t51.82787-15\/674419373_18412181350176223_8142972659668665530_n.jpg?stp=dst-jpg_e35_tt6&#038;_nc_cat=106&#038;ccb=7-5&#038;_nc_sid=18de74&#038;efg=eyJlZmdfdGFnIjoiQ0xJUFMuYmVzdF9pbWFnZV91cmxnZW4uQzMifQ%3D%3D&#038;_nc_ohc=zDASRdNRQR0Q7kNvwEY5asV&#038;_nc_oc=Ado_pUr2VRirvXU9b3cEpBwrjLzxRgdNZoGIxmeCl1fM2lCSGz_9DFrjW-T8HRPKGgE&#038;_nc_zt=23&#038;_nc_ht=scontent-lis1-1.cdninstagram.com&#038;edm=ANo9K5cEAAAA&#038;_nc_gid=TLOvcZBP3X6d4ThBCKPqrw&#038;_nc_tpa=Q5bMBQH48KKxTv5fg9_wa_FpBViEXQ74qthVbj0H4c_9YtKhof3_5fPXBy2DaYvUwO_BoeVqkau-cowltg&#038;oh=00_Af1lTnzHwwGLvTtfPzYd01Qt89j0nci7Wa4Jmj83Xxfshg&#038;oe=69F67B83\"\n\t\t\tdata-img-src-set=\"{&quot;d&quot;:&quot;https:\\\/\\\/scontent-lis1-1.cdninstagram.com\\\/v\\\/t51.82787-15\\\/674419373_18412181350176223_8142972659668665530_n.jpg?stp=dst-jpg_e35_tt6&amp;_nc_cat=106&amp;ccb=7-5&amp;_nc_sid=18de74&amp;efg=eyJlZmdfdGFnIjoiQ0xJUFMuYmVzdF9pbWFnZV91cmxnZW4uQzMifQ%3D%3D&amp;_nc_ohc=zDASRdNRQR0Q7kNvwEY5asV&amp;_nc_oc=Ado_pUr2VRirvXU9b3cEpBwrjLzxRgdNZoGIxmeCl1fM2lCSGz_9DFrjW-T8HRPKGgE&amp;_nc_zt=23&amp;_nc_ht=scontent-lis1-1.cdninstagram.com&amp;edm=ANo9K5cEAAAA&amp;_nc_gid=TLOvcZBP3X6d4ThBCKPqrw&amp;_nc_tpa=Q5bMBQH48KKxTv5fg9_wa_FpBViEXQ74qthVbj0H4c_9YtKhof3_5fPXBy2DaYvUwO_BoeVqkau-cowltg&amp;oh=00_Af1lTnzHwwGLvTtfPzYd01Qt89j0nci7Wa4Jmj83Xxfshg&amp;oe=69F67B83&quot;,&quot;150&quot;:&quot;https:\\\/\\\/scontent-lis1-1.cdninstagram.com\\\/v\\\/t51.82787-15\\\/674419373_18412181350176223_8142972659668665530_n.jpg?stp=dst-jpg_e35_tt6&amp;_nc_cat=106&amp;ccb=7-5&amp;_nc_sid=18de74&amp;efg=eyJlZmdfdGFnIjoiQ0xJUFMuYmVzdF9pbWFnZV91cmxnZW4uQzMifQ%3D%3D&amp;_nc_ohc=zDASRdNRQR0Q7kNvwEY5asV&amp;_nc_oc=Ado_pUr2VRirvXU9b3cEpBwrjLzxRgdNZoGIxmeCl1fM2lCSGz_9DFrjW-T8HRPKGgE&amp;_nc_zt=23&amp;_nc_ht=scontent-lis1-1.cdninstagram.com&amp;edm=ANo9K5cEAAAA&amp;_nc_gid=TLOvcZBP3X6d4ThBCKPqrw&amp;_nc_tpa=Q5bMBQH48KKxTv5fg9_wa_FpBViEXQ74qthVbj0H4c_9YtKhof3_5fPXBy2DaYvUwO_BoeVqkau-cowltg&amp;oh=00_Af1lTnzHwwGLvTtfPzYd01Qt89j0nci7Wa4Jmj83Xxfshg&amp;oe=69F67B83&quot;,&quot;320&quot;:&quot;https:\\\/\\\/scontent-lis1-1.cdninstagram.com\\\/v\\\/t51.82787-15\\\/674419373_18412181350176223_8142972659668665530_n.jpg?stp=dst-jpg_e35_tt6&amp;_nc_cat=106&amp;ccb=7-5&amp;_nc_sid=18de74&amp;efg=eyJlZmdfdGFnIjoiQ0xJUFMuYmVzdF9pbWFnZV91cmxnZW4uQzMifQ%3D%3D&amp;_nc_ohc=zDASRdNRQR0Q7kNvwEY5asV&amp;_nc_oc=Ado_pUr2VRirvXU9b3cEpBwrjLzxRgdNZoGIxmeCl1fM2lCSGz_9DFrjW-T8HRPKGgE&amp;_nc_zt=23&amp;_nc_ht=scontent-lis1-1.cdninstagram.com&amp;edm=ANo9K5cEAAAA&amp;_nc_gid=TLOvcZBP3X6d4ThBCKPqrw&amp;_nc_tpa=Q5bMBQH48KKxTv5fg9_wa_FpBViEXQ74qthVbj0H4c_9YtKhof3_5fPXBy2DaYvUwO_BoeVqkau-cowltg&amp;oh=00_Af1lTnzHwwGLvTtfPzYd01Qt89j0nci7Wa4Jmj83Xxfshg&amp;oe=69F67B83&quot;,&quot;640&quot;:&quot;https:\\\/\\\/scontent-lis1-1.cdninstagram.com\\\/v\\\/t51.82787-15\\\/674419373_18412181350176223_8142972659668665530_n.jpg?stp=dst-jpg_e35_tt6&amp;_nc_cat=106&amp;ccb=7-5&amp;_nc_sid=18de74&amp;efg=eyJlZmdfdGFnIjoiQ0xJUFMuYmVzdF9pbWFnZV91cmxnZW4uQzMifQ%3D%3D&amp;_nc_ohc=zDASRdNRQR0Q7kNvwEY5asV&amp;_nc_oc=Ado_pUr2VRirvXU9b3cEpBwrjLzxRgdNZoGIxmeCl1fM2lCSGz_9DFrjW-T8HRPKGgE&amp;_nc_zt=23&amp;_nc_ht=scontent-lis1-1.cdninstagram.com&amp;edm=ANo9K5cEAAAA&amp;_nc_gid=TLOvcZBP3X6d4ThBCKPqrw&amp;_nc_tpa=Q5bMBQH48KKxTv5fg9_wa_FpBViEXQ74qthVbj0H4c_9YtKhof3_5fPXBy2DaYvUwO_BoeVqkau-cowltg&amp;oh=00_Af1lTnzHwwGLvTtfPzYd01Qt89j0nci7Wa4Jmj83Xxfshg&amp;oe=69F67B83&quot;}\">\n\t\t\t<span class=\"sbi-screenreader\">Matosinhos foi palco do melhor que se faz em Portu<\/span>\n\t\t\t\t\t\t<svg style=\"color: rgba(255,255,255,1)\" class=\"svg-inline--fa fa-play fa-w-14 sbi_playbtn\" aria-label=\"Play\" aria-hidden=\"true\" data-fa-processed=\"\" data-prefix=\"fa\" data-icon=\"play\" role=\"presentation\" xmlns=\"http:\/\/www.w3.org\/2000\/svg\" viewBox=\"0 0 448 512\"><path fill=\"currentColor\" d=\"M424.4 214.7L72.4 6.6C43.8-10.3 0 6.1 0 47.9V464c0 37.5 40.7 60.1 72.4 41.3l352-208c31.4-18.5 31.5-64.1 0-82.6z\"><\/path><\/svg>\t\t\t<img decoding=\"async\" src=\"https:\/\/zarco.pt\/site\/wp-content\/plugins\/instagram-feed\/img\/placeholder.png\" alt=\"Matosinhos foi palco do melhor que se faz em Portugal.\n\nA cerim\u00f3nia de entrega de pr\u00e9mios do Guia Boa Cama Boa Mesa 2026 reuniu alguns dos maiores nomes da hotelaria e da restaura\u00e7\u00e3o no emblem\u00e1tico Terminal de Cruzeiros do Porto de Leix\u00f5es.\n\nReconhecida como Cidade Criativa da Gastronomia pela UNESCO, Matosinhos afirmou-se como o cen\u00e1rio ideal para celebrar o talento, a inova\u00e7\u00e3o e a identidade.\n\nMais do que pr\u00e9mios, foi uma afirma\u00e7\u00e3o:\nMatosinhos continua a estar no centro daquilo que de melhor se faz \u00e0 mesa e na arte de bem receber.\n\nOs alunos da Escola Secund\u00e1ria Jo\u00e3o Gon\u00e7alves Zarco estiveram tamb\u00e9m presentes, mostrando o que de melhor se faz em Matosinhos. Atrav\u00e9s das \u201cConversas de Matosinhos\u201d, nasceram iguarias que surpreenderam e encantaram os convidados.\n\nE h\u00e1 pr\u00e9mios que nem precisaram de viajar muito \u2014 dois deles ficam em casa.\n\nParab\u00e9ns ao Restaurante O Gaveto (@restauranteogaveto) e \u00e0 Casa de Ch\u00e1 da Boa Nova (@casachaboanova) pelos pr\u00e9mios Garfo de Prata e Garfo de Platina, respetivamente.\" aria-hidden=\"true\">\n\t\t<\/a>\n\t<\/div>\n<\/div><div class=\"sbi_item sbi_type_image sbi_new sbi_transition\"\n\tid=\"sbi_18061395002425694\" data-date=\"1776807877\">\n\t<div class=\"sbi_photo_wrap\">\n\t\t<a class=\"sbi_photo\" href=\"https:\/\/www.instagram.com\/p\/DXaMUCUjZdx\/\" target=\"_blank\" rel=\"noopener nofollow\"\n\t\t\tdata-full-res=\"https:\/\/scontent-lis1-1.cdninstagram.com\/v\/t39.30808-6\/678630491_1248164967299753_8344224079346601986_n.jpg?stp=dst-jpg_e35_tt6&#038;_nc_cat=102&#038;ccb=7-5&#038;_nc_sid=18de74&#038;efg=eyJlZmdfdGFnIjoiRkVFRC5iZXN0X2ltYWdlX3VybGdlbi5DMyJ9&#038;_nc_ohc=z0vccKg8BRoQ7kNvwE5Pj0e&#038;_nc_oc=AdqbD_ozd5yAacUAWc5DRgnYEneEY184toGiNhZZTytKWFNZwl_yhfiXdjKnNSHFha4&#038;_nc_zt=23&#038;_nc_ht=scontent-lis1-1.cdninstagram.com&#038;edm=ANo9K5cEAAAA&#038;_nc_gid=TLOvcZBP3X6d4ThBCKPqrw&#038;_nc_tpa=Q5bMBQEC7SVpCADoPRyh4AoQtyXLGBRfSU4SqHMjik66J6iPNjyggIKCL64smaWcvXy-89KijcKU2_etzw&#038;oh=00_Af1zuh63QnRzMT4x8HCZIl0CIvSdvDB5TQUsusa4ytG9jQ&#038;oe=69F687F1\"\n\t\t\tdata-img-src-set=\"{&quot;d&quot;:&quot;https:\\\/\\\/scontent-lis1-1.cdninstagram.com\\\/v\\\/t39.30808-6\\\/678630491_1248164967299753_8344224079346601986_n.jpg?stp=dst-jpg_e35_tt6&amp;_nc_cat=102&amp;ccb=7-5&amp;_nc_sid=18de74&amp;efg=eyJlZmdfdGFnIjoiRkVFRC5iZXN0X2ltYWdlX3VybGdlbi5DMyJ9&amp;_nc_ohc=z0vccKg8BRoQ7kNvwE5Pj0e&amp;_nc_oc=AdqbD_ozd5yAacUAWc5DRgnYEneEY184toGiNhZZTytKWFNZwl_yhfiXdjKnNSHFha4&amp;_nc_zt=23&amp;_nc_ht=scontent-lis1-1.cdninstagram.com&amp;edm=ANo9K5cEAAAA&amp;_nc_gid=TLOvcZBP3X6d4ThBCKPqrw&amp;_nc_tpa=Q5bMBQEC7SVpCADoPRyh4AoQtyXLGBRfSU4SqHMjik66J6iPNjyggIKCL64smaWcvXy-89KijcKU2_etzw&amp;oh=00_Af1zuh63QnRzMT4x8HCZIl0CIvSdvDB5TQUsusa4ytG9jQ&amp;oe=69F687F1&quot;,&quot;150&quot;:&quot;https:\\\/\\\/scontent-lis1-1.cdninstagram.com\\\/v\\\/t39.30808-6\\\/678630491_1248164967299753_8344224079346601986_n.jpg?stp=dst-jpg_e35_tt6&amp;_nc_cat=102&amp;ccb=7-5&amp;_nc_sid=18de74&amp;efg=eyJlZmdfdGFnIjoiRkVFRC5iZXN0X2ltYWdlX3VybGdlbi5DMyJ9&amp;_nc_ohc=z0vccKg8BRoQ7kNvwE5Pj0e&amp;_nc_oc=AdqbD_ozd5yAacUAWc5DRgnYEneEY184toGiNhZZTytKWFNZwl_yhfiXdjKnNSHFha4&amp;_nc_zt=23&amp;_nc_ht=scontent-lis1-1.cdninstagram.com&amp;edm=ANo9K5cEAAAA&amp;_nc_gid=TLOvcZBP3X6d4ThBCKPqrw&amp;_nc_tpa=Q5bMBQEC7SVpCADoPRyh4AoQtyXLGBRfSU4SqHMjik66J6iPNjyggIKCL64smaWcvXy-89KijcKU2_etzw&amp;oh=00_Af1zuh63QnRzMT4x8HCZIl0CIvSdvDB5TQUsusa4ytG9jQ&amp;oe=69F687F1&quot;,&quot;320&quot;:&quot;https:\\\/\\\/scontent-lis1-1.cdninstagram.com\\\/v\\\/t39.30808-6\\\/678630491_1248164967299753_8344224079346601986_n.jpg?stp=dst-jpg_e35_tt6&amp;_nc_cat=102&amp;ccb=7-5&amp;_nc_sid=18de74&amp;efg=eyJlZmdfdGFnIjoiRkVFRC5iZXN0X2ltYWdlX3VybGdlbi5DMyJ9&amp;_nc_ohc=z0vccKg8BRoQ7kNvwE5Pj0e&amp;_nc_oc=AdqbD_ozd5yAacUAWc5DRgnYEneEY184toGiNhZZTytKWFNZwl_yhfiXdjKnNSHFha4&amp;_nc_zt=23&amp;_nc_ht=scontent-lis1-1.cdninstagram.com&amp;edm=ANo9K5cEAAAA&amp;_nc_gid=TLOvcZBP3X6d4ThBCKPqrw&amp;_nc_tpa=Q5bMBQEC7SVpCADoPRyh4AoQtyXLGBRfSU4SqHMjik66J6iPNjyggIKCL64smaWcvXy-89KijcKU2_etzw&amp;oh=00_Af1zuh63QnRzMT4x8HCZIl0CIvSdvDB5TQUsusa4ytG9jQ&amp;oe=69F687F1&quot;,&quot;640&quot;:&quot;https:\\\/\\\/scontent-lis1-1.cdninstagram.com\\\/v\\\/t39.30808-6\\\/678630491_1248164967299753_8344224079346601986_n.jpg?stp=dst-jpg_e35_tt6&amp;_nc_cat=102&amp;ccb=7-5&amp;_nc_sid=18de74&amp;efg=eyJlZmdfdGFnIjoiRkVFRC5iZXN0X2ltYWdlX3VybGdlbi5DMyJ9&amp;_nc_ohc=z0vccKg8BRoQ7kNvwE5Pj0e&amp;_nc_oc=AdqbD_ozd5yAacUAWc5DRgnYEneEY184toGiNhZZTytKWFNZwl_yhfiXdjKnNSHFha4&amp;_nc_zt=23&amp;_nc_ht=scontent-lis1-1.cdninstagram.com&amp;edm=ANo9K5cEAAAA&amp;_nc_gid=TLOvcZBP3X6d4ThBCKPqrw&amp;_nc_tpa=Q5bMBQEC7SVpCADoPRyh4AoQtyXLGBRfSU4SqHMjik66J6iPNjyggIKCL64smaWcvXy-89KijcKU2_etzw&amp;oh=00_Af1zuh63QnRzMT4x8HCZIl0CIvSdvDB5TQUsusa4ytG9jQ&amp;oe=69F687F1&quot;}\">\n\t\t\t<span class=\"sbi-screenreader\">Orgulho Zarco!\n\nO nosso aluno David Montenegro alc<\/span>\n\t\t\t\t\t\t\t\t\t<img decoding=\"async\" src=\"https:\/\/zarco.pt\/site\/wp-content\/plugins\/instagram-feed\/img\/placeholder.png\" alt=\"Orgulho Zarco!\n\nO nosso aluno David Montenegro alcan\u00e7ou um brilhante 3.\u00ba lugar na Final Nacional das Olimp\u00edadas de Inform\u00e1tica 2026, realizada no passado dia 18 de abril! \nEste excelente resultado garante-lhe um lugar entre os 10 alunos selecionados para um est\u00e1gio de prepara\u00e7\u00e3o, onde ser\u00e3o escolhidos os 4 representantes de Portugal nas Olimp\u00edadas Internacionais de Inform\u00e1tica (IOI) 2026, que decorrer\u00e3o de 9 a 16 de agosto, no Uzbequist\u00e3o \n\nParab\u00e9ns, David, por esta conquista extraordin\u00e1ria! A comunidade Zarco est\u00e1 contigo e deseja-te o maior sucesso para a pr\u00f3xima etapa\" aria-hidden=\"true\">\n\t\t<\/a>\n\t<\/div>\n<\/div><div class=\"sbi_item sbi_type_video sbi_new sbi_transition\"\n\tid=\"sbi_17907153519390945\" data-date=\"1776206074\">\n\t<div class=\"sbi_photo_wrap\">\n\t\t<a class=\"sbi_photo\" href=\"https:\/\/www.instagram.com\/reel\/DXIQbH4CUp2\/\" target=\"_blank\" rel=\"noopener nofollow\"\n\t\t\tdata-full-res=\"https:\/\/scontent-lis1-1.cdninstagram.com\/v\/t51.82787-15\/670549962_18411116932176223_9199146464939952527_n.jpg?stp=dst-jpg_e35_tt6&#038;_nc_cat=106&#038;ccb=7-5&#038;_nc_sid=18de74&#038;efg=eyJlZmdfdGFnIjoiQ0xJUFMuYmVzdF9pbWFnZV91cmxnZW4uQzMifQ%3D%3D&#038;_nc_ohc=FBHYclG8iNwQ7kNvwHfdi8q&#038;_nc_oc=AdrTMnT-aaOKT7FabCikMv3j0zPi4JKBPQ98fNa3foP4TCsNd8CG8t-U1MmoRCaORjE&#038;_nc_zt=23&#038;_nc_ht=scontent-lis1-1.cdninstagram.com&#038;edm=ANo9K5cEAAAA&#038;_nc_gid=TLOvcZBP3X6d4ThBCKPqrw&#038;_nc_tpa=Q5bMBQGSdSkNa2edOPwzYPirEJlu2VyHm94nVThJLv329s-NQtMp9WKDrdirZLG2ymquP4iam2nbGzG94A&#038;oh=00_Af1umOhDp51-Nbqdf67A5FWF8zx7BHrI0J3tqTkfTzsxiw&#038;oe=69F65C69\"\n\t\t\tdata-img-src-set=\"{&quot;d&quot;:&quot;https:\\\/\\\/scontent-lis1-1.cdninstagram.com\\\/v\\\/t51.82787-15\\\/670549962_18411116932176223_9199146464939952527_n.jpg?stp=dst-jpg_e35_tt6&amp;_nc_cat=106&amp;ccb=7-5&amp;_nc_sid=18de74&amp;efg=eyJlZmdfdGFnIjoiQ0xJUFMuYmVzdF9pbWFnZV91cmxnZW4uQzMifQ%3D%3D&amp;_nc_ohc=FBHYclG8iNwQ7kNvwHfdi8q&amp;_nc_oc=AdrTMnT-aaOKT7FabCikMv3j0zPi4JKBPQ98fNa3foP4TCsNd8CG8t-U1MmoRCaORjE&amp;_nc_zt=23&amp;_nc_ht=scontent-lis1-1.cdninstagram.com&amp;edm=ANo9K5cEAAAA&amp;_nc_gid=TLOvcZBP3X6d4ThBCKPqrw&amp;_nc_tpa=Q5bMBQGSdSkNa2edOPwzYPirEJlu2VyHm94nVThJLv329s-NQtMp9WKDrdirZLG2ymquP4iam2nbGzG94A&amp;oh=00_Af1umOhDp51-Nbqdf67A5FWF8zx7BHrI0J3tqTkfTzsxiw&amp;oe=69F65C69&quot;,&quot;150&quot;:&quot;https:\\\/\\\/scontent-lis1-1.cdninstagram.com\\\/v\\\/t51.82787-15\\\/670549962_18411116932176223_9199146464939952527_n.jpg?stp=dst-jpg_e35_tt6&amp;_nc_cat=106&amp;ccb=7-5&amp;_nc_sid=18de74&amp;efg=eyJlZmdfdGFnIjoiQ0xJUFMuYmVzdF9pbWFnZV91cmxnZW4uQzMifQ%3D%3D&amp;_nc_ohc=FBHYclG8iNwQ7kNvwHfdi8q&amp;_nc_oc=AdrTMnT-aaOKT7FabCikMv3j0zPi4JKBPQ98fNa3foP4TCsNd8CG8t-U1MmoRCaORjE&amp;_nc_zt=23&amp;_nc_ht=scontent-lis1-1.cdninstagram.com&amp;edm=ANo9K5cEAAAA&amp;_nc_gid=TLOvcZBP3X6d4ThBCKPqrw&amp;_nc_tpa=Q5bMBQGSdSkNa2edOPwzYPirEJlu2VyHm94nVThJLv329s-NQtMp9WKDrdirZLG2ymquP4iam2nbGzG94A&amp;oh=00_Af1umOhDp51-Nbqdf67A5FWF8zx7BHrI0J3tqTkfTzsxiw&amp;oe=69F65C69&quot;,&quot;320&quot;:&quot;https:\\\/\\\/scontent-lis1-1.cdninstagram.com\\\/v\\\/t51.82787-15\\\/670549962_18411116932176223_9199146464939952527_n.jpg?stp=dst-jpg_e35_tt6&amp;_nc_cat=106&amp;ccb=7-5&amp;_nc_sid=18de74&amp;efg=eyJlZmdfdGFnIjoiQ0xJUFMuYmVzdF9pbWFnZV91cmxnZW4uQzMifQ%3D%3D&amp;_nc_ohc=FBHYclG8iNwQ7kNvwHfdi8q&amp;_nc_oc=AdrTMnT-aaOKT7FabCikMv3j0zPi4JKBPQ98fNa3foP4TCsNd8CG8t-U1MmoRCaORjE&amp;_nc_zt=23&amp;_nc_ht=scontent-lis1-1.cdninstagram.com&amp;edm=ANo9K5cEAAAA&amp;_nc_gid=TLOvcZBP3X6d4ThBCKPqrw&amp;_nc_tpa=Q5bMBQGSdSkNa2edOPwzYPirEJlu2VyHm94nVThJLv329s-NQtMp9WKDrdirZLG2ymquP4iam2nbGzG94A&amp;oh=00_Af1umOhDp51-Nbqdf67A5FWF8zx7BHrI0J3tqTkfTzsxiw&amp;oe=69F65C69&quot;,&quot;640&quot;:&quot;https:\\\/\\\/scontent-lis1-1.cdninstagram.com\\\/v\\\/t51.82787-15\\\/670549962_18411116932176223_9199146464939952527_n.jpg?stp=dst-jpg_e35_tt6&amp;_nc_cat=106&amp;ccb=7-5&amp;_nc_sid=18de74&amp;efg=eyJlZmdfdGFnIjoiQ0xJUFMuYmVzdF9pbWFnZV91cmxnZW4uQzMifQ%3D%3D&amp;_nc_ohc=FBHYclG8iNwQ7kNvwHfdi8q&amp;_nc_oc=AdrTMnT-aaOKT7FabCikMv3j0zPi4JKBPQ98fNa3foP4TCsNd8CG8t-U1MmoRCaORjE&amp;_nc_zt=23&amp;_nc_ht=scontent-lis1-1.cdninstagram.com&amp;edm=ANo9K5cEAAAA&amp;_nc_gid=TLOvcZBP3X6d4ThBCKPqrw&amp;_nc_tpa=Q5bMBQGSdSkNa2edOPwzYPirEJlu2VyHm94nVThJLv329s-NQtMp9WKDrdirZLG2ymquP4iam2nbGzG94A&amp;oh=00_Af1umOhDp51-Nbqdf67A5FWF8zx7BHrI0J3tqTkfTzsxiw&amp;oe=69F65C69&quot;}\">\n\t\t\t<span class=\"sbi-screenreader\">Matosinhos World\u2019s Best Fish\nPrimeiro dia, miss\u00e3o <\/span>\n\t\t\t\t\t\t<svg style=\"color: rgba(255,255,255,1)\" class=\"svg-inline--fa fa-play fa-w-14 sbi_playbtn\" aria-label=\"Play\" aria-hidden=\"true\" data-fa-processed=\"\" data-prefix=\"fa\" data-icon=\"play\" role=\"presentation\" xmlns=\"http:\/\/www.w3.org\/2000\/svg\" viewBox=\"0 0 448 512\"><path fill=\"currentColor\" d=\"M424.4 214.7L72.4 6.6C43.8-10.3 0 6.1 0 47.9V464c0 37.5 40.7 60.1 72.4 41.3l352-208c31.4-18.5 31.5-64.1 0-82.6z\"><\/path><\/svg>\t\t\t<img decoding=\"async\" src=\"https:\/\/zarco.pt\/site\/wp-content\/plugins\/instagram-feed\/img\/placeholder.png\" alt=\"Matosinhos World\u2019s Best Fish\nPrimeiro dia, miss\u00e3o cumprida \n\nMatosinhos brilhou no Sal\u00f3n Gourmets com um momento que foi, sem d\u00favida, o ex libris Matosinhos World\u2019s Best Fish da nossa presen\u00e7a: um cen\u00e1rio, cinco chefes e uma cidade \u00e0 mesa \u2014 reflexo de uma cidade reconhecida como Cidade Gastron\u00f3mica da Unesco.\n\nApresentado por Ana e Marco, jornalistas gastron\u00f3micos do La Cocina es Vida, o momento ganhou ainda mais sabor e ritmo.\n\nRui Paula, Arnaldo Azevedo, David Jesus, Hugo Portela, Nuno Castro transformaram tradi\u00e7\u00e3o e criatividade em pequenas grandes provas que contam a nossa hist\u00f3ria.\n\nCom os alunos da Zarco a dar ritmo ao servi\u00e7o e a vereadora Marta Pontes a acompanhar de perto, o brinde fez-se com cocktails de \u00c1gua das Pedras.\n\nIsto foi s\u00f3 o come\u00e7o. Vemo-nos amanh\u00e3...\" aria-hidden=\"true\">\n\t\t<\/a>\n\t<\/div>\n<\/div>\t<\/div>\n\n\t<div id=\"sbi_load\" >\n\n\t\n\t\n<\/div>\n\t\t<span class=\"sbi_resized_image_data\" data-feed-id=\"*1\"\n\t\t  data-resized=\"{&quot;17959056474092009&quot;:{&quot;id&quot;:&quot;674419373_18412181350176223_8142972659668665530_n&quot;,&quot;ratio&quot;:&quot;1.00&quot;,&quot;sizes&quot;:{&quot;full&quot;:640,&quot;low&quot;:320,&quot;thumb&quot;:150},&quot;extension&quot;:&quot;.webp&quot;},&quot;18061395002425694&quot;:{&quot;id&quot;:&quot;678630491_1248164967299753_8344224079346601986_n&quot;,&quot;ratio&quot;:&quot;1.00&quot;,&quot;sizes&quot;:{&quot;full&quot;:640,&quot;low&quot;:320,&quot;thumb&quot;:150},&quot;extension&quot;:&quot;.webp&quot;},&quot;17907153519390945&quot;:{&quot;id&quot;:&quot;670549962_18411116932176223_9199146464939952527_n&quot;,&quot;ratio&quot;:&quot;1.00&quot;,&quot;sizes&quot;:{&quot;full&quot;:640,&quot;low&quot;:320,&quot;thumb&quot;:150},&quot;extension&quot;:&quot;.webp&quot;},&quot;17971027566030085&quot;:{&quot;id&quot;:&quot;684180735_18413005039176223_7044590516488464010_n&quot;,&quot;ratio&quot;:&quot;1.00&quot;,&quot;sizes&quot;:{&quot;full&quot;:640,&quot;low&quot;:320,&quot;thumb&quot;:150},&quot;extension&quot;:&quot;.webp&quot;},&quot;18083424914420860&quot;:{&quot;id&quot;:&quot;684260019_1252926170156966_2580981755239123820_n&quot;,&quot;ratio&quot;:&quot;1.00&quot;,&quot;sizes&quot;:{&quot;full&quot;:640,&quot;low&quot;:320,&quot;thumb&quot;:150},&quot;extension&quot;:&quot;.webp&quot;},&quot;18088396478589464&quot;:{&quot;id&quot;:&quot;684150823_1252922970157286_4696224942778056576_n&quot;,&quot;ratio&quot;:&quot;1.00&quot;,&quot;sizes&quot;:{&quot;full&quot;:640,&quot;low&quot;:320,&quot;thumb&quot;:150},&quot;extension&quot;:&quot;.webp&quot;}}\">\n\t<\/span>\n\t<\/div>\n\n\n\n\n\n<div class=\"wp-block-responsive-block-editor-addons-divider responsive-block-editor-addons-block-spacer responsive-block-editor-addons-block-divider block-d19bc7ca-e44f-4b01-a989-3b1b7f1ac674 solid responsive-block-editor-addons-spacer-divider\"><div class=\"responsive-block-editor-addons-divider-inner\"><div class=\"responsive-block-editor-addons-divider-content\"><hr class=\"responsive-block-editor-addons-divider_hr\"\/><\/div><\/div><\/div>\n\n\n\n<div class=\"wp-block-columns is-layout-flex wp-container-core-columns-is-layout-9d6595d7 wp-block-columns-is-layout-flex\">\n<div class=\"wp-block-column is-layout-flow wp-block-column-is-layout-flow\">\n<figure class=\"wp-block-image size-large\"><a href=\"https:\/\/sites.google.com\/zarco.pt\/uaarezarco\" target=\"_blank\" rel=\" noreferrer noopener\"><img decoding=\"async\" src=\"https:\/\/zarco.pt\/site\/mkt\/projetos\/Logo_UAARE_Zarco.jpg\" alt=\"UAARE\" style=\"aspect-ratio:16\/9;object-fit:cover\"\/><\/a><\/figure>\n<\/div>\n\n\n\n<div class=\"wp-block-column is-layout-flow wp-block-column-is-layout-flow\">\n<figure class=\"wp-block-embed is-type-video is-provider-youtube wp-block-embed-youtube wp-embed-aspect-16-9 wp-has-aspect-ratio\"><div class=\"wp-block-embed__wrapper\">\n<iframe loading=\"lazy\" title=\"NOS 5G: ESJGZARCO a 1\u00ba ESCOLA 5G do pa\u00eds\" width=\"605\" height=\"340\" src=\"https:\/\/www.youtube.com\/embed\/vHYjIf75LEw?feature=oembed\" frameborder=\"0\" allow=\"accelerometer; autoplay; clipboard-write; encrypted-media; gyroscope; picture-in-picture; web-share\" referrerpolicy=\"strict-origin-when-cross-origin\" allowfullscreen><\/iframe>\n<\/div><\/figure>\n<\/div>\n<\/div>\n<\/div>\n\n\n\n<p><\/p>\n","protected":false},"excerpt":{"rendered":"<p>Oferta Formativa<\/p>\n","protected":false},"author":1,"featured_media":0,"parent":0,"menu_order":0,"comment_status":"closed","ping_status":"closed","template":"","meta":{"om_disable_all_campaigns":false,"_monsterinsights_skip_tracking":false,"_monsterinsights_sitenote_active":false,"_monsterinsights_sitenote_note":"","_monsterinsights_sitenote_category":0,"footnotes":""},"class_list":["post-21","page","type-page","status-publish","hentry"],"aioseo_notices":[],"featured_image_src":"","featured_image_src_square":false,"rbea_author_info":{"display_name":"admin","author_link":"https:\/\/zarco.pt\/site\/author\/admin_zarco\/"},"rbea_excerpt_info":"Oferta Formativa","publishpress_future_action":{"enabled":false,"date":"2026-05-09 08:09:22","action":"change-status","newStatus":"draft","terms":[],"taxonomy":"","extraData":[]},"publishpress_future_workflow_manual_trigger":{"enabledWorkflows":[]},"_links":{"self":[{"href":"https:\/\/zarco.pt\/site\/wp-json\/wp\/v2\/pages\/21","targetHints":{"allow":["GET"]}}],"collection":[{"href":"https:\/\/zarco.pt\/site\/wp-json\/wp\/v2\/pages"}],"about":[{"href":"https:\/\/zarco.pt\/site\/wp-json\/wp\/v2\/types\/page"}],"author":[{"embeddable":true,"href":"https:\/\/zarco.pt\/site\/wp-json\/wp\/v2\/users\/1"}],"replies":[{"embeddable":true,"href":"https:\/\/zarco.pt\/site\/wp-json\/wp\/v2\/comments?post=21"}],"version-history":[{"count":2,"href":"https:\/\/zarco.pt\/site\/wp-json\/wp\/v2\/pages\/21\/revisions"}],"predecessor-version":[{"id":1158,"href":"https:\/\/zarco.pt\/site\/wp-json\/wp\/v2\/pages\/21\/revisions\/1158"}],"wp:attachment":[{"href":"https:\/\/zarco.pt\/site\/wp-json\/wp\/v2\/media?parent=21"}],"curies":[{"name":"wp","href":"https:\/\/api.w.org\/{rel}","templated":true}]}}